{"id":3326,"date":"2021-12-02T18:09:07","date_gmt":"2021-12-02T18:09:07","guid":{"rendered":"https:\/\/jperelloabogados.com\/abogado-derecho-de-familia-en-mallorca\/"},"modified":"2022-01-04T12:55:13","modified_gmt":"2022-01-04T12:55:13","slug":"zivilrecht-mallorca","status":"publish","type":"page","link":"https:\/\/jperelloabogados.com\/de\/praxisbereiche\/zivilrecht-mallorca\/","title":{"rendered":"Zivilrecht in Inca (Mallorca)"},"content":{"rendered":"<p><div class=\"fusion-fullwidth fullwidth-box fusion-builder-row-1 fusion-flex-container fusion-parallax-none nonhundred-percent-fullwidth non-hundred-percent-height-scrolling lazyload\" style=\"background-color: rgba(255,255,255,0);background-image:linear-gradient(180deg, rgba(0,0,0,0.24) 93%,#ffffff 93%);background-position: center center;background-repeat: no-repeat;border-width: 0px 0px 0px 0px;border-color:rgba(0,0,0,0.08);border-style:solid;-webkit-background-size:cover;-moz-background-size:cover;-o-background-size:cover;background-size:cover;\" data-bg=\"https:\/\/jperelloabogados.com\/wp-content\/uploads\/2021\/11\/WhatsApp-Image-2021-01-31-at-18.21.06.jpeg\" data-bg-gradient=\"linear-gradient(180deg, rgba(0,0,0,0.24) 93%,#ffffff 93%)\" ><div class=\"fusion-builder-row fusion-row fusion-flex-align-items-flex-start fusion-flex-justify-content-center\" style=\"max-width:1372.8px;margin-left: calc(-4% \/ 2 );margin-right: calc(-4% \/ 2 );\"><div class=\"fusion-layout-column fusion_builder_column fusion-builder-column-0 fusion_builder_column_1_1 1_1 fusion-flex-column fusion-animated\" data-animationType=\"fadeInLeft\" data-animationDuration=\"2.0\" data-animationOffset=\"top-into-view\"><div class=\"fusion-column-wrapper fusion-flex-justify-content-flex-start fusion-content-layout-column\" style=\"background-position:left top;background-repeat:no-repeat;-webkit-background-size:cover;-moz-background-size:cover;-o-background-size:cover;background-size:cover;padding: 0px 0px 0px 0px;\"><style type=\"text\/css\">@media only screen and (max-width:1024px) {.fusion-title.fusion-title-1{margin-top:!important;margin-right:!important;margin-bottom:16px!important; margin-left:!important;}}@media only screen and (max-width:640px) {.fusion-title.fusion-title-1{margin-top:8px!important; margin-right:0px!important;margin-bottom:16px!important; margin-left:0px!important;}}<\/style><div class=\"fusion-title title fusion-title-1 fusion-sep-none fusion-title-text fusion-title-size-one\" style=\"font-size:35px;margin-top:12px;margin-right:0px;margin-bottom:24px;margin-left:0px;\"><h1 class=\"title-heading-left md-text-align-center sm-text-align-center fusion-responsive-typography-calculated\" style=\"margin:0;font-size:1em;color:#ffffff;--fontSize:35;line-height:1.12;\">Abogado derecho de familia en Mallorca<\/h1><\/div><div class=\"fusion-text fusion-text-1 md-text-align-center sm-text-align-center\" style=\"text-align:left;font-size:25px;line-height:1.4em;letter-spacing:-0.02em;color:#ffffff;\"><h2 class=\"title-heading-left fusion-responsive-typography-calculated\">Zivilrecht in Inca (Mallorca)<\/h2>\n<\/div><div class=\"fusion-separator fusion-full-width-sep\" style=\"align-self: center;margin-left: auto;margin-right: auto;margin-top:80px;margin-bottom:80px;width:100%;\"><\/div><\/div><style type=\"text\/css\">.fusion-body .fusion-builder-column-0{width:100% !important;margin-top : 20px;margin-bottom : 20px;}.fusion-builder-column-0 > .fusion-column-wrapper {padding-top : 0px !important;padding-right : 0px !important;margin-right : 0%;padding-bottom : 0px !important;padding-left : 0px !important;margin-left : 1.92%;}@media only screen and (max-width:1024px) {.fusion-body .fusion-builder-column-0{width:100% !important;order : 0;margin-top : 0px;}.fusion-builder-column-0 > .fusion-column-wrapper {margin-right : 7.68%;margin-left : 7.68%;}}@media only screen and (max-width:640px) {.fusion-body .fusion-builder-column-0{width:100% !important;margin-top : 0px;}.fusion-builder-column-0 > .fusion-column-wrapper {margin-right : 1.92%;margin-left : 1.92%;}}<\/style><\/div><\/div><style type=\"text\/css\">.fusion-body .fusion-flex-container.fusion-builder-row-1{ padding-top : 80px;margin-top : 0px;padding-right : 0px;padding-bottom : 0px;margin-bottom : 0px;padding-left : 0px;}@media only screen and (max-width:1024px) {.fusion-body .fusion-flex-container.fusion-builder-row-1{ padding-top : 40px;padding-right : 20px;padding-left : 20px;}}@media only screen and (max-width:640px) {.fusion-body .fusion-flex-container.fusion-builder-row-1{ padding-top : 24px;}}<\/style><\/div><div class=\"fusion-fullwidth fullwidth-box fusion-builder-row-2 fusion-flex-container nonhundred-percent-fullwidth non-hundred-percent-height-scrolling\" style=\"background-color: rgba(255,255,255,0);background-position: center center;background-repeat: no-repeat;border-width: 0px 0px 0px 0px;border-color:rgba(0,0,0,0.08);border-style:solid;\" ><div class=\"fusion-builder-row fusion-row fusion-flex-align-items-center\" style=\"max-width:1372.8px;margin-left: calc(-4% \/ 2 );margin-right: calc(-4% \/ 2 );\"><div class=\"fusion-layout-column fusion_builder_column fusion-builder-column-1 fusion_builder_column_1_3 1_3 fusion-flex-column fusion-animated\" data-animationType=\"fadeInLeft\" data-animationDuration=\"1.6\" data-animationOffset=\"top-into-view\"><div class=\"fusion-column-wrapper fusion-flex-justify-content-center fusion-content-layout-column\" style=\"background-position:left top;background-repeat:no-repeat;-webkit-background-size:cover;-moz-background-size:cover;-o-background-size:cover;background-size:cover;padding: 0px 0px 0px 0px;\"><div ><span class=\" fusion-imageframe imageframe-none imageframe-1 hover-type-none\" style=\"border-radius:8px;\"><img width=\"1024\" height=\"768\" title=\"Familia\" src=\"https:\/\/jperelloabogados.com\/wp-content\/uploads\/2021\/12\/Familia.jpg\" data-orig-src=\"https:\/\/jperelloabogados.com\/wp-content\/uploads\/2021\/12\/Familia.jpg\" alt class=\"lazyload img-responsive wp-image-3254\" srcset=\"data:image\/svg+xml,%3Csvg%20xmlns%3D%27http%3A%2F%2Fwww.w3.org%2F2000%2Fsvg%27%20width%3D%271024%27%20height%3D%27768%27%20viewBox%3D%270%200%201024%20768%27%3E%3Crect%20width%3D%271024%27%20height%3D%27768%27%20fill-opacity%3D%220%22%2F%3E%3C%2Fsvg%3E\" data-srcset=\"https:\/\/jperelloabogados.com\/wp-content\/uploads\/2021\/12\/Familia-200x150.jpg 200w, https:\/\/jperelloabogados.com\/wp-content\/uploads\/2021\/12\/Familia-400x300.jpg 400w, https:\/\/jperelloabogados.com\/wp-content\/uploads\/2021\/12\/Familia-600x450.jpg 600w, https:\/\/jperelloabogados.com\/wp-content\/uploads\/2021\/12\/Familia-800x600.jpg 800w, https:\/\/jperelloabogados.com\/wp-content\/uploads\/2021\/12\/Familia.jpg 1024w\" data-sizes=\"auto\" data-orig-sizes=\"(max-width: 640px) 100vw, 400px\" \/><\/span><\/div><\/div><style type=\"text\/css\">.fusion-body .fusion-builder-column-1{width:33.333333333333% !important;margin-top : 20px;margin-bottom : 20px;}.fusion-builder-column-1 > .fusion-column-wrapper {padding-top : 0px !important;padding-right : 0px !important;margin-right : 11.52%;padding-bottom : 0px !important;padding-left : 0px !important;margin-left : 11.52%;}@media only screen and (max-width:1024px) {.fusion-body .fusion-builder-column-1{width:33.333333333333% !important;order : 0;}.fusion-builder-column-1 > .fusion-column-wrapper {margin-right : 11.52%;margin-left : 11.52%;}}@media only screen and (max-width:640px) {.fusion-body .fusion-builder-column-1{width:100% !important;order : 0;}.fusion-builder-column-1 > .fusion-column-wrapper {margin-right : 1.92%;margin-left : 1.92%;}}<\/style><\/div><div class=\"fusion-layout-column fusion_builder_column fusion-builder-column-2 fusion_builder_column_2_3 2_3 fusion-flex-column fusion-animated\" data-animationType=\"fadeInRight\" data-animationDuration=\"1.6\" data-animationOffset=\"top-into-view\"><div class=\"fusion-column-wrapper fusion-flex-justify-content-flex-start fusion-content-layout-column\" style=\"background-position:left top;background-repeat:no-repeat;-webkit-background-size:cover;-moz-background-size:cover;-o-background-size:cover;background-size:cover;padding: 0px 0px 0px 0px;\"><ul class=\"fusion-checklist fusion-checklist-1\" style=\"font-size:24px;line-height:40.8px;\"><li style=\"background-color:rgba(255,255,255,0);\" class=\"fusion-li-item\"><span style=\"background-color:#d9bd8d;font-size:21.12px;height:40.8px;width:40.8px;margin-right:16.8px;\" class=\"icon-wrapper circle-yes\"><i class=\"fusion-li-icon fa-gavel fas\" style=\"color:#ffffff;\" aria-hidden=\"true\"><\/i><\/span><div class=\"fusion-li-item-content\" style=\"margin-left:57.6px;color:#000000;\">\n<p><span style=\"font-size: 20px; line-height: 30.6px; font-family: 'DM Sans'; font-weight: bold; margin-left: -6px;\" data-fusion-font=\"true\" data-fusion-google-font=\"DM Sans\" data-fusion-google-variant=\"700\">Rechtsanwalt in Inca (Mallorca)<\/span><\/p>\n<\/div><\/li><\/ul><style type=\"text\/css\">@media only screen and (max-width:1024px) {.fusion-title.fusion-title-2{margin-top:12px!important; margin-right:0px!important;margin-bottom:24px!important;margin-left:0px!important;}}@media only screen and (max-width:640px) {.fusion-title.fusion-title-2{margin-top:12px!important; margin-right:0px!important;margin-bottom:24px!important; margin-left:0px!important;}}<\/style><div class=\"fusion-title title fusion-title-2 fusion-sep-none fusion-title-text fusion-title-size-two\" style=\"margin-top:12px;margin-right:0px;margin-bottom:24px;margin-left:0px;\"><h2 class=\"title-heading-left fusion-responsive-typography-calculated\" style=\"margin:0;color:#d9bd8d;--fontSize:54;line-height:1.14;\"><h2 class=\"title-heading-left fusion-responsive-typography-calculated\">Zivilrecht<\/h2><\/h2><\/div><div class=\"fusion-text fusion-text-2\" style=\"text-align:left;font-size:24px;line-height:1.48em;letter-spacing:-0.01em;\"><p>Unser vorrangiges Ziel ist es, mit Anstrengung und Hingabe den gr\u00f6\u00dften Erfolg f\u00fcr jeden unserer Klienten in seinem ganz speziellen Fall zu erreichen.<\/p>\n<p>Dar\u00fcber hinaus k\u00fcmmern wir uns um Schuldeneintreibung, sowohl bei Gesellschaften als auch bei Privatpersonen.<\/p>\n<p>Andererseits verf\u00fcgt unsere Kanzlei auch \u00fcber umfangreiche Erfahrungen in der Geltendmachung der entsprechenden Entsch\u00e4digungen bei Verkehrsunf\u00e4llen, immer mit dem besten juristischen Service in all diesen F\u00e4llen.<\/p>\n<p>Diese und andere rechtliche Fragen werden mit h\u00f6chster und anerkannter Professionalit\u00e4t behandelt, welche durch Arbeitserfahrung in den besten Anwaltskanzleien des Landes erlangt wurde, damit unser Mandant in jedem Fall Erfolg hat.<\/p>\n<\/div><div ><style>.fusion-button.button-1{border-color:#ffffff;border-radius:10px 10px 10px 10px;background:#d9bd8d;}.fusion-button.button-1 .fusion-button-text,.fusion-button.button-1 i,.fusion-button.button-1:hover .fusion-button-text,.fusion-button.button-1:hover i,.fusion-button.button-1:focus .fusion-button-text,.fusion-button.button-1:focus i,.fusion-button.button-1:active .fusion-button-text,.fusion-button.button-1:active i{color:#ffffff;}.fusion-button.button-1:hover,.fusion-button.button-1:active,.fusion-button.button-1:focus{border-color:#ffffff;background:#d8a54e;}<\/style><a class=\"fusion-button button-flat fusion-button-default-size button-custom button-1 fusion-button-default-span fusion-button-default-type\" target=\"_self\" href=\"https:\/\/jperelloabogados.com\/de\/kontakt\/\" style=\"margin-top:16px;\"><span class=\"fusion-button-text\">Kontakt<\/span><\/a><\/div><\/div><style type=\"text\/css\">.fusion-body .fusion-builder-column-2{width:66.666666666667% !important;margin-top : 20px;margin-bottom : 20px;}.fusion-builder-column-2 > .fusion-column-wrapper {padding-top : 0px !important;padding-right : 0px !important;margin-right : 12.96%;padding-bottom : 0px !important;padding-left : 0px !important;margin-left : 12.96%;}@media only screen and (max-width:1024px) {.fusion-body .fusion-builder-column-2{width:66.666666666667% !important;}.fusion-builder-column-2 > .fusion-column-wrapper {margin-right : 7.2%;margin-left : 10.08%;}}@media only screen and (max-width:640px) {.fusion-body .fusion-builder-column-2{width:100% !important;}.fusion-builder-column-2 > .fusion-column-wrapper {margin-right : 1.92%;margin-left : 1.92%;}}<\/style><\/div><\/div><style type=\"text\/css\">.fusion-body .fusion-flex-container.fusion-builder-row-2{ padding-top : 60px;margin-top : 0px;padding-right : 0px;padding-bottom : 60px;margin-bottom : 0px;padding-left : 0px;}@media only screen and (max-width:1024px) {.fusion-body .fusion-flex-container.fusion-builder-row-2{ padding-top : 30px;}}@media only screen and (max-width:640px) {.fusion-body .fusion-flex-container.fusion-builder-row-2{ padding-top : 40px;padding-bottom : 40px;}}<\/style><\/div><div class=\"fusion-fullwidth fullwidth-box fusion-builder-row-3 fusion-flex-container nonhundred-percent-fullwidth non-hundred-percent-height-scrolling\" style=\"background-color: rgba(255,255,255,0);background-position: center center;background-repeat: no-repeat;border-width: 0px 0px 0px 0px;border-color:rgba(0,0,0,0.08);border-style:solid;\" ><style type=\"text\/css\">.fusion-body .fusion-flex-container.fusion-builder-row-3{ padding-top : 0px;margin-top : 0px;padding-right : 0px;padding-bottom : 0px;margin-bottom : 0px;padding-left : 0px;}<\/style><\/div><\/p>\n","protected":false},"excerpt":{"rendered":"","protected":false},"author":1,"featured_media":0,"parent":3335,"menu_order":0,"comment_status":"closed","ping_status":"closed","template":"100-width.php","meta":[],"yoast_head":"<!-- This site is optimized with the Yoast SEO plugin v18.3 - https:\/\/yoast.com\/wordpress\/plugins\/seo\/ -->\n<title>Zivilrecht in Inca (Mallorca) - Jaume Perell&oacute; Abogados-Lawyers<\/title>\n<meta name=\"robots\" content=\"index, follow, max-snippet:-1, max-image-preview:large, max-video-preview:-1\" \/>\n<link rel=\"canonical\" href=\"https:\/\/jperelloabogados.com\/de\/praxisbereiche\/zivilrecht-mallorca\/\" \/>\n<meta property=\"og:locale\" content=\"de_DE\" \/>\n<meta property=\"og:type\" content=\"article\" \/>\n<meta property=\"og:title\" content=\"Zivilrecht in Inca (Mallorca) - Jaume Perell&oacute; Abogados-Lawyers\" \/>\n<meta property=\"og:url\" content=\"https:\/\/jperelloabogados.com\/de\/praxisbereiche\/zivilrecht-mallorca\/\" \/>\n<meta property=\"og:site_name\" content=\"Jaume Perell&oacute; Abogados-Lawyers\" \/>\n<meta property=\"article:publisher\" content=\"https:\/\/www.facebook.com\/JaumePerelloAbogados\" \/>\n<meta property=\"article:modified_time\" content=\"2022-01-04T12:55:13+00:00\" \/>\n<meta name=\"twitter:card\" content=\"summary_large_image\" \/>\n<meta name=\"twitter:label1\" content=\"Gesch\u00e4tzte Lesezeit\" \/>\n\t<meta name=\"twitter:data1\" content=\"30 Minuten\" \/>\n<script type=\"application\/ld+json\" class=\"yoast-schema-graph\">{\"@context\":\"https:\/\/schema.org\",\"@graph\":[{\"@type\":\"Organization\",\"@id\":\"https:\/\/jperelloabogados.com\/de\/#organization\",\"name\":\"Jaume Perell\u00f3 Abogados\",\"url\":\"https:\/\/jperelloabogados.com\/de\/\",\"sameAs\":[\"https:\/\/www.facebook.com\/JaumePerelloAbogados\",\"https:\/\/www.instagram.com\/jaumeparro\/?hl=es\"],\"logo\":{\"@type\":\"ImageObject\",\"@id\":\"https:\/\/jperelloabogados.com\/de\/#logo\",\"inLanguage\":\"de-DE\",\"url\":\"https:\/\/jperelloabogados.com\/wp-content\/uploads\/2022\/01\/jperelloabogados-logo-2x-400x74-1.jpg\",\"contentUrl\":\"https:\/\/jperelloabogados.com\/wp-content\/uploads\/2022\/01\/jperelloabogados-logo-2x-400x74-1.jpg\",\"width\":400,\"height\":74,\"caption\":\"Jaume Perell\u00f3 Abogados\"},\"image\":{\"@id\":\"https:\/\/jperelloabogados.com\/de\/#logo\"}},{\"@type\":\"WebSite\",\"@id\":\"https:\/\/jperelloabogados.com\/de\/#website\",\"url\":\"https:\/\/jperelloabogados.com\/de\/\",\"name\":\"Jaume Perell&oacute; Abogados-Lawyers\",\"description\":\"Abogado en Inca (Mallorca) | Especialista en Derecho Inmobiliario y urban&iacute;stico.\",\"publisher\":{\"@id\":\"https:\/\/jperelloabogados.com\/de\/#organization\"},\"potentialAction\":[{\"@type\":\"SearchAction\",\"target\":{\"@type\":\"EntryPoint\",\"urlTemplate\":\"https:\/\/jperelloabogados.com\/de\/?s={search_term_string}\"},\"query-input\":\"required name=search_term_string\"}],\"inLanguage\":\"de-DE\"},{\"@type\":\"WebPage\",\"@id\":\"https:\/\/jperelloabogados.com\/de\/praxisbereiche\/zivilrecht-mallorca\/#webpage\",\"url\":\"https:\/\/jperelloabogados.com\/de\/praxisbereiche\/zivilrecht-mallorca\/\",\"name\":\"Zivilrecht in Inca (Mallorca) - Jaume Perell&oacute; Abogados-Lawyers\",\"isPartOf\":{\"@id\":\"https:\/\/jperelloabogados.com\/de\/#website\"},\"datePublished\":\"2021-12-02T18:09:07+00:00\",\"dateModified\":\"2022-01-04T12:55:13+00:00\",\"breadcrumb\":{\"@id\":\"https:\/\/jperelloabogados.com\/de\/praxisbereiche\/zivilrecht-mallorca\/#breadcrumb\"},\"inLanguage\":\"de-DE\",\"potentialAction\":[{\"@type\":\"ReadAction\",\"target\":[\"https:\/\/jperelloabogados.com\/de\/praxisbereiche\/zivilrecht-mallorca\/\"]}]},{\"@type\":\"BreadcrumbList\",\"@id\":\"https:\/\/jperelloabogados.com\/de\/praxisbereiche\/zivilrecht-mallorca\/#breadcrumb\",\"itemListElement\":[{\"@type\":\"ListItem\",\"position\":1,\"name\":\"Portada\",\"item\":\"https:\/\/jperelloabogados.com\/de\/\"},{\"@type\":\"ListItem\",\"position\":2,\"name\":\"Praxisbereiche\",\"item\":\"https:\/\/jperelloabogados.com\/de\/praxisbereiche\/\"},{\"@type\":\"ListItem\",\"position\":3,\"name\":\"Zivilrecht in Inca (Mallorca)\"}]}]}<\/script>\n<!-- \/ Yoast SEO plugin. -->","yoast_head_json":{"title":"Zivilrecht in Inca (Mallorca) - Jaume Perell&oacute; Abogados-Lawyers","robots":{"index":"index","follow":"follow","max-snippet":"max-snippet:-1","max-image-preview":"max-image-preview:large","max-video-preview":"max-video-preview:-1"},"canonical":"https:\/\/jperelloabogados.com\/de\/praxisbereiche\/zivilrecht-mallorca\/","og_locale":"de_DE","og_type":"article","og_title":"Zivilrecht in Inca (Mallorca) - Jaume Perell&oacute; Abogados-Lawyers","og_url":"https:\/\/jperelloabogados.com\/de\/praxisbereiche\/zivilrecht-mallorca\/","og_site_name":"Jaume Perell&oacute; Abogados-Lawyers","article_publisher":"https:\/\/www.facebook.com\/JaumePerelloAbogados","article_modified_time":"2022-01-04T12:55:13+00:00","twitter_card":"summary_large_image","twitter_misc":{"Gesch\u00e4tzte Lesezeit":"30 Minuten"},"schema":{"@context":"https:\/\/schema.org","@graph":[{"@type":"Organization","@id":"https:\/\/jperelloabogados.com\/de\/#organization","name":"Jaume Perell\u00f3 Abogados","url":"https:\/\/jperelloabogados.com\/de\/","sameAs":["https:\/\/www.facebook.com\/JaumePerelloAbogados","https:\/\/www.instagram.com\/jaumeparro\/?hl=es"],"logo":{"@type":"ImageObject","@id":"https:\/\/jperelloabogados.com\/de\/#logo","inLanguage":"de-DE","url":"https:\/\/jperelloabogados.com\/wp-content\/uploads\/2022\/01\/jperelloabogados-logo-2x-400x74-1.jpg","contentUrl":"https:\/\/jperelloabogados.com\/wp-content\/uploads\/2022\/01\/jperelloabogados-logo-2x-400x74-1.jpg","width":400,"height":74,"caption":"Jaume Perell\u00f3 Abogados"},"image":{"@id":"https:\/\/jperelloabogados.com\/de\/#logo"}},{"@type":"WebSite","@id":"https:\/\/jperelloabogados.com\/de\/#website","url":"https:\/\/jperelloabogados.com\/de\/","name":"Jaume Perell&oacute; Abogados-Lawyers","description":"Abogado en Inca (Mallorca) | Especialista en Derecho Inmobiliario y urban&iacute;stico.","publisher":{"@id":"https:\/\/jperelloabogados.com\/de\/#organization"},"potentialAction":[{"@type":"SearchAction","target":{"@type":"EntryPoint","urlTemplate":"https:\/\/jperelloabogados.com\/de\/?s={search_term_string}"},"query-input":"required name=search_term_string"}],"inLanguage":"de-DE"},{"@type":"WebPage","@id":"https:\/\/jperelloabogados.com\/de\/praxisbereiche\/zivilrecht-mallorca\/#webpage","url":"https:\/\/jperelloabogados.com\/de\/praxisbereiche\/zivilrecht-mallorca\/","name":"Zivilrecht in Inca (Mallorca) - Jaume Perell&oacute; Abogados-Lawyers","isPartOf":{"@id":"https:\/\/jperelloabogados.com\/de\/#website"},"datePublished":"2021-12-02T18:09:07+00:00","dateModified":"2022-01-04T12:55:13+00:00","breadcrumb":{"@id":"https:\/\/jperelloabogados.com\/de\/praxisbereiche\/zivilrecht-mallorca\/#breadcrumb"},"inLanguage":"de-DE","potentialAction":[{"@type":"ReadAction","target":["https:\/\/jperelloabogados.com\/de\/praxisbereiche\/zivilrecht-mallorca\/"]}]},{"@type":"BreadcrumbList","@id":"https:\/\/jperelloabogados.com\/de\/praxisbereiche\/zivilrecht-mallorca\/#breadcrumb","itemListElement":[{"@type":"ListItem","position":1,"name":"Portada","item":"https:\/\/jperelloabogados.com\/de\/"},{"@type":"ListItem","position":2,"name":"Praxisbereiche","item":"https:\/\/jperelloabogados.com\/de\/praxisbereiche\/"},{"@type":"ListItem","position":3,"name":"Zivilrecht in Inca (Mallorca)"}]}]}},"_links":{"self":[{"href":"https:\/\/jperelloabogados.com\/de\/wp-json\/wp\/v2\/pages\/3326"}],"collection":[{"href":"https:\/\/jperelloabogados.com\/de\/wp-json\/wp\/v2\/pages"}],"about":[{"href":"https:\/\/jperelloabogados.com\/de\/wp-json\/wp\/v2\/types\/page"}],"author":[{"embeddable":true,"href":"https:\/\/jperelloabogados.com\/de\/wp-json\/wp\/v2\/users\/1"}],"replies":[{"embeddable":true,"href":"https:\/\/jperelloabogados.com\/de\/wp-json\/wp\/v2\/comments?post=3326"}],"version-history":[{"count":2,"href":"https:\/\/jperelloabogados.com\/de\/wp-json\/wp\/v2\/pages\/3326\/revisions"}],"predecessor-version":[{"id":3343,"href":"https:\/\/jperelloabogados.com\/de\/wp-json\/wp\/v2\/pages\/3326\/revisions\/3343"}],"up":[{"embeddable":true,"href":"https:\/\/jperelloabogados.com\/de\/wp-json\/wp\/v2\/pages\/3335"}],"wp:attachment":[{"href":"https:\/\/jperelloabogados.com\/de\/wp-json\/wp\/v2\/media?parent=3326"}],"curies":[{"name":"wp","href":"https:\/\/api.w.org\/{rel}","templated":true}]}}