{"id":3335,"date":"2021-12-02T17:26:26","date_gmt":"2021-12-02T17:26:26","guid":{"rendered":"https:\/\/jperelloabogados.com\/servicios\/"},"modified":"2022-01-05T09:23:55","modified_gmt":"2022-01-05T09:23:55","slug":"praxisbereiche","status":"publish","type":"page","link":"https:\/\/jperelloabogados.com\/de\/praxisbereiche\/","title":{"rendered":"Praxisbereiche"},"content":{"rendered":"<p><div class=\"fusion-fullwidth fullwidth-box fusion-builder-row-1 fusion-flex-container fusion-parallax-none nonhundred-percent-fullwidth non-hundred-percent-height-scrolling lazyload\" style=\"background-color: rgba(255,255,255,0);background-image:linear-gradient(180deg, rgba(0,0,0,0.24) 93%,#ffffff 93%);background-position: center center;background-repeat: no-repeat;border-width: 0px 0px 0px 0px;border-color:rgba(0,0,0,0.08);border-style:solid;-webkit-background-size:cover;-moz-background-size:cover;-o-background-size:cover;background-size:cover;\" data-bg=\"https:\/\/jperelloabogados.com\/wp-content\/uploads\/2021\/11\/WhatsApp-Image-2021-01-31-at-18.21.06.jpeg\" data-bg-gradient=\"linear-gradient(180deg, rgba(0,0,0,0.24) 93%,#ffffff 93%)\" ><div class=\"fusion-builder-row fusion-row fusion-flex-align-items-flex-start fusion-flex-justify-content-center\" style=\"max-width:1372.8px;margin-left: calc(-4% \/ 2 );margin-right: calc(-4% \/ 2 );\"><div class=\"fusion-layout-column fusion_builder_column fusion-builder-column-0 fusion_builder_column_1_1 1_1 fusion-flex-column fusion-animated\" data-animationType=\"fadeInLeft\" data-animationDuration=\"2.0\" data-animationOffset=\"top-into-view\"><div class=\"fusion-column-wrapper fusion-flex-justify-content-flex-start fusion-content-layout-column\" style=\"background-position:left top;background-repeat:no-repeat;-webkit-background-size:cover;-moz-background-size:cover;-o-background-size:cover;background-size:cover;padding: 0px 0px 0px 0px;\"><style type=\"text\/css\">@media only screen and (max-width:1024px) {.fusion-title.fusion-title-1{margin-top:!important;margin-right:!important;margin-bottom:16px!important; margin-left:!important;}}@media only screen and (max-width:640px) {.fusion-title.fusion-title-1{margin-top:8px!important; margin-right:0px!important;margin-bottom:16px!important; margin-left:0px!important;}}<\/style><div class=\"fusion-title title fusion-title-1 fusion-sep-none fusion-title-text fusion-title-size-one\" style=\"font-size:40px;margin-top:12px;margin-right:0px;margin-bottom:24px;margin-left:0px;\"><h1 class=\"title-heading-left md-text-align-center sm-text-align-center fusion-responsive-typography-calculated\" style=\"margin:0;font-size:1em;color:#ffffff;--fontSize:40;line-height:1.12;\">Jaume Perell\u00f3\u00a0Rechtsanwalt in Mallorca<\/h1><\/div><div class=\"fusion-text fusion-text-1 md-text-align-center sm-text-align-center\" style=\"text-align:left;font-size:25px;line-height:1.4em;letter-spacing:-0.02em;color:#ffffff;\"><p>Sie m\u00fcssen einen Rechtsstreit so schnell wie m\u00f6glich l\u00f6sen?<\/p>\n<p>Unser Anwaltsteam auf Mallorca ist spezialisiert auf Immobilien- und Stadtrecht, Inkasso und Unfall, wir betreuen Ihren Fall effizient und individuell.<\/p>\n<\/div><div class=\"md-text-align-center sm-text-align-center\"><style>.fusion-button.button-1{border-color:#ffffff;border-width:2px 2px 2px 2px;border-radius:10px 10px 10px 10px;background:rgba(233,87,11,0);}.fusion-button.button-1 .fusion-button-text,.fusion-button.button-1 i,.fusion-button.button-1:hover .fusion-button-text,.fusion-button.button-1:hover i,.fusion-button.button-1:focus .fusion-button-text,.fusion-button.button-1:focus i,.fusion-button.button-1:active .fusion-button-text,.fusion-button.button-1:active i{color:#ffffff;}.fusion-button.button-1:hover,.fusion-button.button-1:active,.fusion-button.button-1:focus{border-color:#ffffff;border-width:2px 2px 2px 2px;background:rgba(233,87,11,0);}<\/style><a class=\"fusion-button button-flat fusion-button-default-size button-custom button-1 fusion-button-default-span fusion-button-default-type\" target=\"_self\" href=\"https:\/\/jperelloabogados.com\/de\/kontakt\/\" style=\"margin-top:16px;\"><span class=\"fusion-button-text\">Kontakt<\/span><i class=\"icon-mkb-arrow-right-solid button-icon-right\" aria-hidden=\"true\"><\/i><\/a><\/div><div class=\"fusion-separator fusion-full-width-sep\" style=\"align-self: center;margin-left: auto;margin-right: auto;margin-top:80px;margin-bottom:80px;width:100%;\"><\/div><\/div><style type=\"text\/css\">.fusion-body .fusion-builder-column-0{width:100% !important;margin-top : 20px;margin-bottom : 20px;}.fusion-builder-column-0 > .fusion-column-wrapper {padding-top : 0px !important;padding-right : 0px !important;margin-right : 0%;padding-bottom : 0px !important;padding-left : 0px !important;margin-left : 1.92%;}@media only screen and (max-width:1024px) {.fusion-body .fusion-builder-column-0{width:100% !important;order : 0;margin-top : 0px;}.fusion-builder-column-0 > .fusion-column-wrapper {margin-right : 7.68%;margin-left : 7.68%;}}@media only screen and (max-width:640px) {.fusion-body .fusion-builder-column-0{width:100% !important;margin-top : 0px;}.fusion-builder-column-0 > .fusion-column-wrapper {margin-right : 1.92%;margin-left : 1.92%;}}<\/style><\/div><\/div><style type=\"text\/css\">.fusion-body .fusion-flex-container.fusion-builder-row-1{ padding-top : 80px;margin-top : 0px;padding-right : 0px;padding-bottom : 0px;margin-bottom : 0px;padding-left : 0px;}@media only screen and (max-width:1024px) {.fusion-body .fusion-flex-container.fusion-builder-row-1{ padding-top : 40px;padding-right : 20px;padding-left : 20px;}}@media only screen and (max-width:640px) {.fusion-body .fusion-flex-container.fusion-builder-row-1{ padding-top : 24px;}}<\/style><\/div><div id=\"intro\"><div class=\"fusion-fullwidth fullwidth-box fusion-builder-row-2 fusion-flex-container nonhundred-percent-fullwidth non-hundred-percent-height-scrolling\" style=\"background-color: rgba(255,255,255,0);background-position: center center;background-repeat: no-repeat;border-width: 0px 0px 0px 0px;border-color:rgba(0,0,0,0.08);border-style:solid;\" ><div class=\"fusion-builder-row fusion-row fusion-flex-align-items-flex-start\" style=\"max-width:1372.8px;margin-left: calc(-4% \/ 2 );margin-right: calc(-4% \/ 2 );\"><div class=\"fusion-layout-column fusion_builder_column fusion-builder-column-1 fusion_builder_column_1_1 1_1 fusion-flex-column\"><div class=\"fusion-column-wrapper fusion-flex-justify-content-flex-start fusion-content-layout-column\" style=\"background-position:left top;background-repeat:no-repeat;-webkit-background-size:cover;-moz-background-size:cover;-o-background-size:cover;background-size:cover;padding: 0px 0px 0px 0px;\"><div class=\"fusion-text fusion-text-2\"><h3 class=\"fusion-responsive-typography-calculated\" data-fontsize=\"37\" data-lineheight=\"48.1px\">Was uns als Anwaltskanzlei in Inca auszeichnet. Mallorca.<\/h3>\n<p>Wir zeichnen uns dadurch aus, dass wir einen dynamischen und aktualisierten Service anbieten, mit pers\u00f6nlicher Betreuung unserer Mandanten, stets auf der Suche nach den, f\u00fcr jeden Fall bestm\u00f6glich anwendbaren Gesetzen und Rechtsprung, und mit dem Fokus auf eine direkte und st\u00e4ndige Kommunikation mit dem Mandanten.<\/p>\n<p>Unser Ziel ist es, unseren Mandanten \u00fcber die Entwicklung seines Falles auf dem Laufenden zu halten, mit vollst\u00e4ndigen und aktuellen Informationen \u00fcber alle Schritte.<\/p>\n<p>Die Transparenz und Ehrlichkeit unserer Anwaltskanzlei auf Mallorca spiegelt sich in dem Vertrauen wider, das unsere Mandanten in uns setzen.<\/p>\n<p>Nach einer gr\u00fcndlichen Analyse des Falles stellen wir die verschiedenen Alternativen vor, wobei wir immer das letzte Wort des Klienten respektieren, und erstellen einen detaillierten Kostenvoranschlag, der unsere Dienstleistungen sowie die Honorare beinhaltet.<\/p>\n<p>Wir bieten jedem, der unsere Dienste in Anspruch nimmt, die beste juristische Unterst\u00fctzung \u00fcber unsere Telefonleitungen, E-Mail oder Whatsapp<\/p>\n<\/div><\/div><style type=\"text\/css\">.fusion-body .fusion-builder-column-1{width:100% !important;margin-top : 20px;margin-bottom : 20px;}.fusion-builder-column-1 > .fusion-column-wrapper {padding-top : 0px !important;padding-right : 0px !important;margin-right : 1.92%;padding-bottom : 0px !important;padding-left : 0px !important;margin-left : 1.92%;}@media only screen and (max-width:1024px) {.fusion-body .fusion-builder-column-1{width:100% !important;order : 0;}.fusion-builder-column-1 > .fusion-column-wrapper {margin-right : 1.92%;margin-left : 1.92%;}}@media only screen and (max-width:640px) {.fusion-body .fusion-builder-column-1{width:100% !important;order : 0;}.fusion-builder-column-1 > .fusion-column-wrapper {margin-right : 1.92%;margin-left : 1.92%;}}<\/style><\/div><\/div><style type=\"text\/css\">.fusion-body .fusion-flex-container.fusion-builder-row-2{ padding-top : 0px;margin-top : 0px;padding-right : 0px;padding-bottom : 0px;margin-bottom : 0px;padding-left : 0px;}<\/style><\/div><\/div>\n<\/p>\n","protected":false},"excerpt":{"rendered":"","protected":false},"author":1,"featured_media":0,"parent":0,"menu_order":0,"comment_status":"closed","ping_status":"closed","template":"100-width.php","meta":[],"yoast_head":"<!-- This site is optimized with the Yoast SEO plugin v18.3 - https:\/\/yoast.com\/wordpress\/plugins\/seo\/ -->\n<title>Praxisbereiche - Jaume Perell&oacute; Abogados-Lawyers<\/title>\n<meta name=\"robots\" content=\"index, follow, max-snippet:-1, max-image-preview:large, max-video-preview:-1\" \/>\n<link rel=\"canonical\" href=\"https:\/\/jperelloabogados.com\/de\/praxisbereiche\/\" \/>\n<meta property=\"og:locale\" content=\"de_DE\" \/>\n<meta property=\"og:type\" content=\"article\" \/>\n<meta property=\"og:title\" content=\"Praxisbereiche - Jaume Perell&oacute; Abogados-Lawyers\" \/>\n<meta property=\"og:url\" content=\"https:\/\/jperelloabogados.com\/de\/praxisbereiche\/\" \/>\n<meta property=\"og:site_name\" content=\"Jaume Perell&oacute; Abogados-Lawyers\" \/>\n<meta property=\"article:publisher\" content=\"https:\/\/www.facebook.com\/JaumePerelloAbogados\" \/>\n<meta property=\"article:modified_time\" content=\"2022-01-05T09:23:55+00:00\" \/>\n<meta name=\"twitter:card\" content=\"summary_large_image\" \/>\n<meta name=\"twitter:label1\" content=\"Gesch\u00e4tzte Lesezeit\" \/>\n\t<meta name=\"twitter:data1\" content=\"58 Minuten\" \/>\n<script type=\"application\/ld+json\" class=\"yoast-schema-graph\">{\"@context\":\"https:\/\/schema.org\",\"@graph\":[{\"@type\":\"Organization\",\"@id\":\"https:\/\/jperelloabogados.com\/de\/#organization\",\"name\":\"Jaume Perell\u00f3 Abogados\",\"url\":\"https:\/\/jperelloabogados.com\/de\/\",\"sameAs\":[\"https:\/\/www.facebook.com\/JaumePerelloAbogados\",\"https:\/\/www.instagram.com\/jaumeparro\/?hl=es\"],\"logo\":{\"@type\":\"ImageObject\",\"@id\":\"https:\/\/jperelloabogados.com\/de\/#logo\",\"inLanguage\":\"de-DE\",\"url\":\"https:\/\/jperelloabogados.com\/wp-content\/uploads\/2022\/01\/jperelloabogados-logo-2x-400x74-1.jpg\",\"contentUrl\":\"https:\/\/jperelloabogados.com\/wp-content\/uploads\/2022\/01\/jperelloabogados-logo-2x-400x74-1.jpg\",\"width\":400,\"height\":74,\"caption\":\"Jaume Perell\u00f3 Abogados\"},\"image\":{\"@id\":\"https:\/\/jperelloabogados.com\/de\/#logo\"}},{\"@type\":\"WebSite\",\"@id\":\"https:\/\/jperelloabogados.com\/de\/#website\",\"url\":\"https:\/\/jperelloabogados.com\/de\/\",\"name\":\"Jaume Perell&oacute; Abogados-Lawyers\",\"description\":\"Abogado en Inca (Mallorca) | Especialista en Derecho Inmobiliario y urban&iacute;stico.\",\"publisher\":{\"@id\":\"https:\/\/jperelloabogados.com\/de\/#organization\"},\"potentialAction\":[{\"@type\":\"SearchAction\",\"target\":{\"@type\":\"EntryPoint\",\"urlTemplate\":\"https:\/\/jperelloabogados.com\/de\/?s={search_term_string}\"},\"query-input\":\"required name=search_term_string\"}],\"inLanguage\":\"de-DE\"},{\"@type\":\"WebPage\",\"@id\":\"https:\/\/jperelloabogados.com\/de\/praxisbereiche\/#webpage\",\"url\":\"https:\/\/jperelloabogados.com\/de\/praxisbereiche\/\",\"name\":\"Praxisbereiche - Jaume Perell&oacute; Abogados-Lawyers\",\"isPartOf\":{\"@id\":\"https:\/\/jperelloabogados.com\/de\/#website\"},\"datePublished\":\"2021-12-02T17:26:26+00:00\",\"dateModified\":\"2022-01-05T09:23:55+00:00\",\"breadcrumb\":{\"@id\":\"https:\/\/jperelloabogados.com\/de\/praxisbereiche\/#breadcrumb\"},\"inLanguage\":\"de-DE\",\"potentialAction\":[{\"@type\":\"ReadAction\",\"target\":[\"https:\/\/jperelloabogados.com\/de\/praxisbereiche\/\"]}]},{\"@type\":\"BreadcrumbList\",\"@id\":\"https:\/\/jperelloabogados.com\/de\/praxisbereiche\/#breadcrumb\",\"itemListElement\":[{\"@type\":\"ListItem\",\"position\":1,\"name\":\"Portada\",\"item\":\"https:\/\/jperelloabogados.com\/de\/\"},{\"@type\":\"ListItem\",\"position\":2,\"name\":\"Praxisbereiche\"}]}]}<\/script>\n<!-- \/ Yoast SEO plugin. -->","yoast_head_json":{"title":"Praxisbereiche - Jaume Perell&oacute; Abogados-Lawyers","robots":{"index":"index","follow":"follow","max-snippet":"max-snippet:-1","max-image-preview":"max-image-preview:large","max-video-preview":"max-video-preview:-1"},"canonical":"https:\/\/jperelloabogados.com\/de\/praxisbereiche\/","og_locale":"de_DE","og_type":"article","og_title":"Praxisbereiche - Jaume Perell&oacute; Abogados-Lawyers","og_url":"https:\/\/jperelloabogados.com\/de\/praxisbereiche\/","og_site_name":"Jaume Perell&oacute; Abogados-Lawyers","article_publisher":"https:\/\/www.facebook.com\/JaumePerelloAbogados","article_modified_time":"2022-01-05T09:23:55+00:00","twitter_card":"summary_large_image","twitter_misc":{"Gesch\u00e4tzte Lesezeit":"58 Minuten"},"schema":{"@context":"https:\/\/schema.org","@graph":[{"@type":"Organization","@id":"https:\/\/jperelloabogados.com\/de\/#organization","name":"Jaume Perell\u00f3 Abogados","url":"https:\/\/jperelloabogados.com\/de\/","sameAs":["https:\/\/www.facebook.com\/JaumePerelloAbogados","https:\/\/www.instagram.com\/jaumeparro\/?hl=es"],"logo":{"@type":"ImageObject","@id":"https:\/\/jperelloabogados.com\/de\/#logo","inLanguage":"de-DE","url":"https:\/\/jperelloabogados.com\/wp-content\/uploads\/2022\/01\/jperelloabogados-logo-2x-400x74-1.jpg","contentUrl":"https:\/\/jperelloabogados.com\/wp-content\/uploads\/2022\/01\/jperelloabogados-logo-2x-400x74-1.jpg","width":400,"height":74,"caption":"Jaume Perell\u00f3 Abogados"},"image":{"@id":"https:\/\/jperelloabogados.com\/de\/#logo"}},{"@type":"WebSite","@id":"https:\/\/jperelloabogados.com\/de\/#website","url":"https:\/\/jperelloabogados.com\/de\/","name":"Jaume Perell&oacute; Abogados-Lawyers","description":"Abogado en Inca (Mallorca) | Especialista en Derecho Inmobiliario y urban&iacute;stico.","publisher":{"@id":"https:\/\/jperelloabogados.com\/de\/#organization"},"potentialAction":[{"@type":"SearchAction","target":{"@type":"EntryPoint","urlTemplate":"https:\/\/jperelloabogados.com\/de\/?s={search_term_string}"},"query-input":"required name=search_term_string"}],"inLanguage":"de-DE"},{"@type":"WebPage","@id":"https:\/\/jperelloabogados.com\/de\/praxisbereiche\/#webpage","url":"https:\/\/jperelloabogados.com\/de\/praxisbereiche\/","name":"Praxisbereiche - Jaume Perell&oacute; Abogados-Lawyers","isPartOf":{"@id":"https:\/\/jperelloabogados.com\/de\/#website"},"datePublished":"2021-12-02T17:26:26+00:00","dateModified":"2022-01-05T09:23:55+00:00","breadcrumb":{"@id":"https:\/\/jperelloabogados.com\/de\/praxisbereiche\/#breadcrumb"},"inLanguage":"de-DE","potentialAction":[{"@type":"ReadAction","target":["https:\/\/jperelloabogados.com\/de\/praxisbereiche\/"]}]},{"@type":"BreadcrumbList","@id":"https:\/\/jperelloabogados.com\/de\/praxisbereiche\/#breadcrumb","itemListElement":[{"@type":"ListItem","position":1,"name":"Portada","item":"https:\/\/jperelloabogados.com\/de\/"},{"@type":"ListItem","position":2,"name":"Praxisbereiche"}]}]}},"_links":{"self":[{"href":"https:\/\/jperelloabogados.com\/de\/wp-json\/wp\/v2\/pages\/3335"}],"collection":[{"href":"https:\/\/jperelloabogados.com\/de\/wp-json\/wp\/v2\/pages"}],"about":[{"href":"https:\/\/jperelloabogados.com\/de\/wp-json\/wp\/v2\/types\/page"}],"author":[{"embeddable":true,"href":"https:\/\/jperelloabogados.com\/de\/wp-json\/wp\/v2\/users\/1"}],"replies":[{"embeddable":true,"href":"https:\/\/jperelloabogados.com\/de\/wp-json\/wp\/v2\/comments?post=3335"}],"version-history":[{"count":4,"href":"https:\/\/jperelloabogados.com\/de\/wp-json\/wp\/v2\/pages\/3335\/revisions"}],"predecessor-version":[{"id":3395,"href":"https:\/\/jperelloabogados.com\/de\/wp-json\/wp\/v2\/pages\/3335\/revisions\/3395"}],"wp:attachment":[{"href":"https:\/\/jperelloabogados.com\/de\/wp-json\/wp\/v2\/media?parent=3335"}],"curies":[{"name":"wp","href":"https:\/\/api.w.org\/{rel}","templated":true}]}}