{"id":3763,"date":"2025-06-10T07:24:59","date_gmt":"2025-06-10T07:24:59","guid":{"rendered":"https:\/\/jperelloabogados.com\/?page_id=3763"},"modified":"2025-06-10T07:24:59","modified_gmt":"2025-06-10T07:24:59","slug":"immobilienanwalt-in-puerto-de-andratx-rechtssicherheit-beim-immobilienkauf-auf-mallorca","status":"publish","type":"page","link":"https:\/\/jperelloabogados.com\/de\/immobilienanwalt-in-puerto-de-andratx-rechtssicherheit-beim-immobilienkauf-auf-mallorca\/","title":{"rendered":"Immobilienanwalt in Puerto de Andratx \u2013 Rechtssicherheit beim Immobilienkauf auf Mallorca"},"content":{"rendered":"<h2 data-start=\"319\" data-end=\"409\">Immobilienanwalt in Puerto de Andratx \u2013 Rechtsberatung beim Immobilienkauf auf Mallorca<\/h2>\n<p data-start=\"411\" data-end=\"692\">Puerto de Andratx z\u00e4hlt zu den exklusivsten Wohnlagen auf Mallorca. Mit seiner privilegierten Lage, dem modernen Yachthafen, erstklassigen Restaurants und atemberaubenden Ausblicken auf das Meer zieht dieser Ort seit Jahren K\u00e4ufer aus ganz Europa an \u2013 insbesondere aus Deutschland.<\/p>\n<p data-start=\"694\" data-end=\"904\">Wer in Spanien eine Immobilie erwirbt, sollte sich jedoch nicht nur auf Lage und Ausblick verlassen. Eine fundierte rechtliche Begleitung ist unerl\u00e4sslich, um Risiken zu vermeiden und Investitionen abzusichern.<\/p>\n<h3 data-start=\"906\" data-end=\"946\">Unsere Leistungen im Immobilienrecht<\/h3>\n<p data-start=\"948\" data-end=\"1093\">Als erfahrene Kanzlei auf Mallorca bieten wir umfassende Rechtsberatung f\u00fcr alle Phasen des Immobilienerwerbs in Puerto de Andratx. Dazu geh\u00f6ren:<\/p>\n<ul data-start=\"1095\" data-end=\"1458\">\n<li data-start=\"1095\" data-end=\"1151\">\n<p data-start=\"1097\" data-end=\"1151\"><strong data-start=\"1097\" data-end=\"1149\">Rechtliche Pr\u00fcfung der Immobilie (Due Diligence)<\/strong><\/p>\n<\/li>\n<li data-start=\"1152\" data-end=\"1204\">\n<p data-start=\"1154\" data-end=\"1204\"><strong data-start=\"1154\" data-end=\"1202\">Erstellung und \u00dcberpr\u00fcfung von Kaufvertr\u00e4gen<\/strong><\/p>\n<\/li>\n<li data-start=\"1205\" data-end=\"1241\">\n<p data-start=\"1207\" data-end=\"1241\"><strong data-start=\"1207\" data-end=\"1239\">Begleitung bei Notarterminen<\/strong><\/p>\n<\/li>\n<li data-start=\"1242\" data-end=\"1299\">\n<p data-start=\"1244\" data-end=\"1299\"><strong data-start=\"1244\" data-end=\"1297\">Kl\u00e4rung von Grundbuch- und Eigentumsverh\u00e4ltnissen<\/strong><\/p>\n<\/li>\n<li data-start=\"1300\" data-end=\"1340\">\n<p data-start=\"1302\" data-end=\"1340\"><strong data-start=\"1302\" data-end=\"1338\">Steuerliche Beratung und Planung<\/strong><\/p>\n<\/li>\n<li data-start=\"1341\" data-end=\"1398\">\n<p data-start=\"1343\" data-end=\"1398\"><strong data-start=\"1343\" data-end=\"1396\">Regelung von Erbschaft, Schenkung oder Nie\u00dfbrauch<\/strong><\/p>\n<\/li>\n<li data-start=\"1399\" data-end=\"1458\">\n<p data-start=\"1401\" data-end=\"1458\"><strong data-start=\"1401\" data-end=\"1458\">Unterst\u00fctzung bei Hypotheken, Lasten und Pfandrechten<\/strong><\/p>\n<\/li>\n<\/ul>\n<p data-start=\"1460\" data-end=\"1612\">Ziel ist es, den gesamten Kaufprozess rechtssicher und transparent zu gestalten \u2013 von der ersten Objektbesichtigung bis zur finalen Grundbucheintragung.<\/p>\n<hr data-start=\"1614\" data-end=\"1617\" \/>\n<h3 data-start=\"1619\" data-end=\"1647\">Warum Puerto de Andratx?<\/h3>\n<p data-start=\"1649\" data-end=\"2019\">Die Region rund um Puerto de Andratx gilt als einer der Hotspots f\u00fcr hochwertige Immobilien auf der Insel. Besonders begehrt sind exklusive Villen, moderne Apartments mit Meerblick oder Fincas im Umland. Die hervorragende Infrastruktur, die N\u00e4he zu Palma sowie das internationale Flair machen den Ort ideal f\u00fcr Ferienh\u00e4user, Kapitalanlagen oder den dauerhaften Wohnsitz.<\/p>\n<hr data-start=\"2021\" data-end=\"2024\" \/>\n<h3 data-start=\"2026\" data-end=\"2064\">Vertrauen Sie auf lokale Expertise<\/h3>\n<p data-start=\"2066\" data-end=\"2423\">Unsere Kanzlei ist seit \u00fcber 20 Jahren im Bereich Immobilienrecht auf Mallorca t\u00e4tig. Wir kennen die Besonderheiten des mallorquinischen Immobilienmarkts und vertreten die Interessen unserer Mandanten mit h\u00f6chster Sorgfalt. Dabei arbeiten wir eng mit Architekten, Steuerberatern, Notaren und Maklern zusammen, um einen reibungslosen Ablauf zu gew\u00e4hrleisten.<\/p>\n<hr data-start=\"2425\" data-end=\"2428\" \/>\n<h3 data-start=\"2430\" data-end=\"2454\">Kontaktieren Sie uns<\/h3>\n<p data-start=\"2456\" data-end=\"2615\">Sie planen den Kauf oder Verkauf einer Immobilie in Puerto de Andratx? Sichern Sie sich rechtzeitig rechtliche Unterst\u00fctzung, um unn\u00f6tige Risiken zu vermeiden.<\/p>\n<p data-start=\"2617\" data-end=\"2755\"><span class=\"decoration-token-text-secondary hover:text-token-text-secondary cursor-pointer underline decoration-dotted decoration-[12%] underline-offset-4 transition-colors duration-200 ease-in-out\"><a href=\"https:\/\/jperelloabogados.com\/de\/kontakt\/\">Kontaktieren<\/a> Sie uns<\/span> f\u00fcr ein unverbindliches Erstgespr\u00e4ch. Wir begleiten Sie kompetent, diskret und zielorientiert bei jedem Schritt.<\/p>\n","protected":false},"excerpt":{"rendered":"<p>Immobilienanwalt in Puerto de Andratx \u2013 Rechtsberatung beim Immobilienkauf auf [&hellip;]<\/p>\n","protected":false},"author":1,"featured_media":0,"parent":0,"menu_order":0,"comment_status":"closed","ping_status":"closed","template":"","meta":[],"yoast_head":"<!-- This site is optimized with the Yoast SEO plugin v18.3 - https:\/\/yoast.com\/wordpress\/plugins\/seo\/ -->\n<title>Immobilienanwalt in Puerto de Andratx \u2013 Rechtssicherheit beim Immobilienkauf auf Mallorca - Jaume Perell&oacute; Abogados-Lawyers<\/title>\n<meta name=\"robots\" content=\"index, follow, max-snippet:-1, max-image-preview:large, max-video-preview:-1\" \/>\n<link rel=\"canonical\" href=\"https:\/\/jperelloabogados.com\/de\/immobilienanwalt-in-puerto-de-andratx-rechtssicherheit-beim-immobilienkauf-auf-mallorca\/\" \/>\n<meta property=\"og:locale\" content=\"de_DE\" \/>\n<meta property=\"og:type\" content=\"article\" \/>\n<meta property=\"og:title\" content=\"Immobilienanwalt in Puerto de Andratx \u2013 Rechtssicherheit beim Immobilienkauf auf Mallorca - Jaume Perell&oacute; Abogados-Lawyers\" \/>\n<meta property=\"og:description\" content=\"Immobilienanwalt in Puerto de Andratx \u2013 Rechtsberatung beim Immobilienkauf auf [&hellip;]\" \/>\n<meta property=\"og:url\" content=\"https:\/\/jperelloabogados.com\/de\/immobilienanwalt-in-puerto-de-andratx-rechtssicherheit-beim-immobilienkauf-auf-mallorca\/\" \/>\n<meta property=\"og:site_name\" content=\"Jaume Perell&oacute; Abogados-Lawyers\" \/>\n<meta property=\"article:publisher\" content=\"https:\/\/www.facebook.com\/JaumePerelloAbogados\" \/>\n<meta name=\"twitter:card\" content=\"summary_large_image\" \/>\n<meta name=\"twitter:label1\" content=\"Gesch\u00e4tzte Lesezeit\" \/>\n\t<meta name=\"twitter:data1\" content=\"2 Minuten\" \/>\n<script type=\"application\/ld+json\" class=\"yoast-schema-graph\">{\"@context\":\"https:\/\/schema.org\",\"@graph\":[{\"@type\":\"Organization\",\"@id\":\"https:\/\/jperelloabogados.com\/de\/#organization\",\"name\":\"Jaume Perell\u00f3 Abogados\",\"url\":\"https:\/\/jperelloabogados.com\/de\/\",\"sameAs\":[\"https:\/\/www.facebook.com\/JaumePerelloAbogados\",\"https:\/\/www.instagram.com\/jaumeparro\/?hl=es\"],\"logo\":{\"@type\":\"ImageObject\",\"@id\":\"https:\/\/jperelloabogados.com\/de\/#logo\",\"inLanguage\":\"de-DE\",\"url\":\"https:\/\/jperelloabogados.com\/wp-content\/uploads\/2022\/01\/jperelloabogados-logo-2x-400x74-1.jpg\",\"contentUrl\":\"https:\/\/jperelloabogados.com\/wp-content\/uploads\/2022\/01\/jperelloabogados-logo-2x-400x74-1.jpg\",\"width\":400,\"height\":74,\"caption\":\"Jaume Perell\u00f3 Abogados\"},\"image\":{\"@id\":\"https:\/\/jperelloabogados.com\/de\/#logo\"}},{\"@type\":\"WebSite\",\"@id\":\"https:\/\/jperelloabogados.com\/de\/#website\",\"url\":\"https:\/\/jperelloabogados.com\/de\/\",\"name\":\"Jaume Perell&oacute; Abogados-Lawyers\",\"description\":\"Abogado en Inca (Mallorca) | Especialista en Derecho Inmobiliario y urban&iacute;stico.\",\"publisher\":{\"@id\":\"https:\/\/jperelloabogados.com\/de\/#organization\"},\"potentialAction\":[{\"@type\":\"SearchAction\",\"target\":{\"@type\":\"EntryPoint\",\"urlTemplate\":\"https:\/\/jperelloabogados.com\/de\/?s={search_term_string}\"},\"query-input\":\"required name=search_term_string\"}],\"inLanguage\":\"de-DE\"},{\"@type\":\"WebPage\",\"@id\":\"https:\/\/jperelloabogados.com\/de\/immobilienanwalt-in-puerto-de-andratx-rechtssicherheit-beim-immobilienkauf-auf-mallorca\/#webpage\",\"url\":\"https:\/\/jperelloabogados.com\/de\/immobilienanwalt-in-puerto-de-andratx-rechtssicherheit-beim-immobilienkauf-auf-mallorca\/\",\"name\":\"Immobilienanwalt in Puerto de Andratx \u2013 Rechtssicherheit beim Immobilienkauf auf Mallorca - Jaume Perell&oacute; Abogados-Lawyers\",\"isPartOf\":{\"@id\":\"https:\/\/jperelloabogados.com\/de\/#website\"},\"datePublished\":\"2025-06-10T07:24:59+00:00\",\"dateModified\":\"2025-06-10T07:24:59+00:00\",\"breadcrumb\":{\"@id\":\"https:\/\/jperelloabogados.com\/de\/immobilienanwalt-in-puerto-de-andratx-rechtssicherheit-beim-immobilienkauf-auf-mallorca\/#breadcrumb\"},\"inLanguage\":\"de-DE\",\"potentialAction\":[{\"@type\":\"ReadAction\",\"target\":[\"https:\/\/jperelloabogados.com\/de\/immobilienanwalt-in-puerto-de-andratx-rechtssicherheit-beim-immobilienkauf-auf-mallorca\/\"]}]},{\"@type\":\"BreadcrumbList\",\"@id\":\"https:\/\/jperelloabogados.com\/de\/immobilienanwalt-in-puerto-de-andratx-rechtssicherheit-beim-immobilienkauf-auf-mallorca\/#breadcrumb\",\"itemListElement\":[{\"@type\":\"ListItem\",\"position\":1,\"name\":\"Portada\",\"item\":\"https:\/\/jperelloabogados.com\/de\/\"},{\"@type\":\"ListItem\",\"position\":2,\"name\":\"Immobilienanwalt in Puerto de Andratx \u2013 Rechtssicherheit beim Immobilienkauf auf Mallorca\"}]}]}<\/script>\n<!-- \/ Yoast SEO plugin. -->","yoast_head_json":{"title":"Immobilienanwalt in Puerto de Andratx \u2013 Rechtssicherheit beim Immobilienkauf auf Mallorca - Jaume Perell&oacute; Abogados-Lawyers","robots":{"index":"index","follow":"follow","max-snippet":"max-snippet:-1","max-image-preview":"max-image-preview:large","max-video-preview":"max-video-preview:-1"},"canonical":"https:\/\/jperelloabogados.com\/de\/immobilienanwalt-in-puerto-de-andratx-rechtssicherheit-beim-immobilienkauf-auf-mallorca\/","og_locale":"de_DE","og_type":"article","og_title":"Immobilienanwalt in Puerto de Andratx \u2013 Rechtssicherheit beim Immobilienkauf auf Mallorca - Jaume Perell&oacute; Abogados-Lawyers","og_description":"Immobilienanwalt in Puerto de Andratx \u2013 Rechtsberatung beim Immobilienkauf auf [&hellip;]","og_url":"https:\/\/jperelloabogados.com\/de\/immobilienanwalt-in-puerto-de-andratx-rechtssicherheit-beim-immobilienkauf-auf-mallorca\/","og_site_name":"Jaume Perell&oacute; Abogados-Lawyers","article_publisher":"https:\/\/www.facebook.com\/JaumePerelloAbogados","twitter_card":"summary_large_image","twitter_misc":{"Gesch\u00e4tzte Lesezeit":"2 Minuten"},"schema":{"@context":"https:\/\/schema.org","@graph":[{"@type":"Organization","@id":"https:\/\/jperelloabogados.com\/de\/#organization","name":"Jaume Perell\u00f3 Abogados","url":"https:\/\/jperelloabogados.com\/de\/","sameAs":["https:\/\/www.facebook.com\/JaumePerelloAbogados","https:\/\/www.instagram.com\/jaumeparro\/?hl=es"],"logo":{"@type":"ImageObject","@id":"https:\/\/jperelloabogados.com\/de\/#logo","inLanguage":"de-DE","url":"https:\/\/jperelloabogados.com\/wp-content\/uploads\/2022\/01\/jperelloabogados-logo-2x-400x74-1.jpg","contentUrl":"https:\/\/jperelloabogados.com\/wp-content\/uploads\/2022\/01\/jperelloabogados-logo-2x-400x74-1.jpg","width":400,"height":74,"caption":"Jaume Perell\u00f3 Abogados"},"image":{"@id":"https:\/\/jperelloabogados.com\/de\/#logo"}},{"@type":"WebSite","@id":"https:\/\/jperelloabogados.com\/de\/#website","url":"https:\/\/jperelloabogados.com\/de\/","name":"Jaume Perell&oacute; Abogados-Lawyers","description":"Abogado en Inca (Mallorca) | Especialista en Derecho Inmobiliario y urban&iacute;stico.","publisher":{"@id":"https:\/\/jperelloabogados.com\/de\/#organization"},"potentialAction":[{"@type":"SearchAction","target":{"@type":"EntryPoint","urlTemplate":"https:\/\/jperelloabogados.com\/de\/?s={search_term_string}"},"query-input":"required name=search_term_string"}],"inLanguage":"de-DE"},{"@type":"WebPage","@id":"https:\/\/jperelloabogados.com\/de\/immobilienanwalt-in-puerto-de-andratx-rechtssicherheit-beim-immobilienkauf-auf-mallorca\/#webpage","url":"https:\/\/jperelloabogados.com\/de\/immobilienanwalt-in-puerto-de-andratx-rechtssicherheit-beim-immobilienkauf-auf-mallorca\/","name":"Immobilienanwalt in Puerto de Andratx \u2013 Rechtssicherheit beim Immobilienkauf auf Mallorca - Jaume Perell&oacute; Abogados-Lawyers","isPartOf":{"@id":"https:\/\/jperelloabogados.com\/de\/#website"},"datePublished":"2025-06-10T07:24:59+00:00","dateModified":"2025-06-10T07:24:59+00:00","breadcrumb":{"@id":"https:\/\/jperelloabogados.com\/de\/immobilienanwalt-in-puerto-de-andratx-rechtssicherheit-beim-immobilienkauf-auf-mallorca\/#breadcrumb"},"inLanguage":"de-DE","potentialAction":[{"@type":"ReadAction","target":["https:\/\/jperelloabogados.com\/de\/immobilienanwalt-in-puerto-de-andratx-rechtssicherheit-beim-immobilienkauf-auf-mallorca\/"]}]},{"@type":"BreadcrumbList","@id":"https:\/\/jperelloabogados.com\/de\/immobilienanwalt-in-puerto-de-andratx-rechtssicherheit-beim-immobilienkauf-auf-mallorca\/#breadcrumb","itemListElement":[{"@type":"ListItem","position":1,"name":"Portada","item":"https:\/\/jperelloabogados.com\/de\/"},{"@type":"ListItem","position":2,"name":"Immobilienanwalt in Puerto de Andratx \u2013 Rechtssicherheit beim Immobilienkauf auf Mallorca"}]}]}},"_links":{"self":[{"href":"https:\/\/jperelloabogados.com\/de\/wp-json\/wp\/v2\/pages\/3763"}],"collection":[{"href":"https:\/\/jperelloabogados.com\/de\/wp-json\/wp\/v2\/pages"}],"about":[{"href":"https:\/\/jperelloabogados.com\/de\/wp-json\/wp\/v2\/types\/page"}],"author":[{"embeddable":true,"href":"https:\/\/jperelloabogados.com\/de\/wp-json\/wp\/v2\/users\/1"}],"replies":[{"embeddable":true,"href":"https:\/\/jperelloabogados.com\/de\/wp-json\/wp\/v2\/comments?post=3763"}],"version-history":[{"count":1,"href":"https:\/\/jperelloabogados.com\/de\/wp-json\/wp\/v2\/pages\/3763\/revisions"}],"predecessor-version":[{"id":3764,"href":"https:\/\/jperelloabogados.com\/de\/wp-json\/wp\/v2\/pages\/3763\/revisions\/3764"}],"wp:attachment":[{"href":"https:\/\/jperelloabogados.com\/de\/wp-json\/wp\/v2\/media?parent=3763"}],"curies":[{"name":"wp","href":"https:\/\/api.w.org\/{rel}","templated":true}]}}